{"id":443,"date":"2020-12-18T13:36:25","date_gmt":"2020-12-18T12:36:25","guid":{"rendered":"https:\/\/resistic.fr\/?page_id=443"},"modified":"2020-12-18T13:38:31","modified_gmt":"2020-12-18T12:38:31","slug":"protection-des-donnees","status":"publish","type":"page","link":"https:\/\/www.resistic.fr\/index.php\/protection-des-donnees\/","title":{"rendered":"Protection des donn\u00e9es"},"content":{"rendered":"<p>[et_pb_section fb_built=\u00a0\u00bb1&Prime; admin_label=\u00a0\u00bbHero\u00a0\u00bb _builder_version=\u00a0\u00bb3.22&Prime;][et_pb_row column_structure=\u00a0\u00bb1_2,1_2&Prime; _builder_version=\u00a0\u00bb3.25&Prime; background_size=\u00a0\u00bbinitial\u00a0\u00bb background_position=\u00a0\u00bbtop_left\u00a0\u00bb background_repeat=\u00a0\u00bbrepeat\u00a0\u00bb custom_padding=\u00a0\u00bb27px|0px|26px|0px|false|false\u00a0\u00bb][et_pb_column type=\u00a0\u00bb1_2&Prime; _builder_version=\u00a0\u00bb3.25&Prime; custom_padding=\u00a0\u00bb|||\u00a0\u00bb custom_padding__hover=\u00a0\u00bb|||\u00a0\u00bb][et_pb_text _builder_version=\u00a0\u00bb4.7.7&Prime; text_font=\u00a0\u00bbLato||||||||\u00a0\u00bb text_font_size=\u00a0\u00bb20px\u00a0\u00bb text_line_height=\u00a0\u00bb1.8em\u00a0\u00bb header_font=\u00a0\u00bbOswald|300|||||||\u00a0\u00bb header_text_color=\u00a0\u00bb#6c63ff\u00a0\u00bb header_font_size=\u00a0\u00bb70px\u00a0\u00bb header_line_height=\u00a0\u00bb1.3em\u00a0\u00bb header_2_font=\u00a0\u00bb||||||||\u00a0\u00bb header_3_font=\u00a0\u00bb||||||||\u00a0\u00bb header_4_font=\u00a0\u00bb||||||||\u00a0\u00bb header_5_font=\u00a0\u00bb||||||||\u00a0\u00bb header_6_font=\u00a0\u00bbLato|700||on|||||\u00a0\u00bb header_6_text_color=\u00a0\u00bb#ff6e77&Prime; header_6_line_height=\u00a0\u00bb1.8em\u00a0\u00bb max_width=\u00a0\u00bb700px\u00a0\u00bb custom_margin=\u00a0\u00bb||||true\u00a0\u00bb custom_padding=\u00a0\u00bb|||\u00a0\u00bb custom_padding_phone=\u00a0\u00bb|||\u00a0\u00bb custom_padding_last_edited=\u00a0\u00bboff|desktop\u00a0\u00bb header_font_size_tablet=\u00a0\u00bb\u00a0\u00bb header_font_size_phone=\u00a0\u00bb42px\u00a0\u00bb header_font_size_last_edited=\u00a0\u00bbon|phone\u00a0\u00bb]<\/p>\n<h1>Protection des donn\u00e9es<\/h1>\n<p>[\/et_pb_text][\/et_pb_column][et_pb_column type=\u00a0\u00bb1_2&Prime; _builder_version=\u00a0\u00bb3.25&Prime; custom_padding=\u00a0\u00bb|||\u00a0\u00bb custom_padding__hover=\u00a0\u00bb|||\u00a0\u00bb][\/et_pb_column][\/et_pb_row][et_pb_row column_structure=\u00a0\u00bb3_4,1_4&Prime; _builder_version=\u00a0\u00bb3.25&Prime;][et_pb_column type=\u00a0\u00bb3_4&Prime; _builder_version=\u00a0\u00bb3.25&Prime; custom_padding=\u00a0\u00bb|||\u00a0\u00bb custom_padding__hover=\u00a0\u00bb|||\u00a0\u00bb][et_pb_text _builder_version=\u00a0\u00bb4.7.7&Prime; _module_preset=\u00a0\u00bbdefault\u00a0\u00bb text_font=\u00a0\u00bbLato||||||||\u00a0\u00bb text_text_color=\u00a0\u00bb#000000&Prime; text_font_size=\u00a0\u00bb18px\u00a0\u00bb header_2_font=\u00a0\u00bbOswald||||||||\u00a0\u00bb header_2_font_size=\u00a0\u00bb28px\u00a0\u00bb]<\/p>\n<h2>R\u00e8glement g\u00e9n\u00e9ral sur la protection des donn\u00e9es (RGPD)<\/h2>\n<p>Le Centre d\u2019\u00e9tudes des mondes russe, caucasien et centre-europ\u00e9en (CERCEC, UMR8083), en sa qualit\u00e9 de responsable de traitement, vous informe que vos donn\u00e9es font l\u2019objet d\u2019un traitement. Lorsque certaines informations sont obligatoires pour acc\u00e9der \u00e0 des fonctionnalit\u00e9s sp\u00e9cifiques du site, ce caract\u00e8re obligatoire est indiqu\u00e9 au moment de la collecte de la saisie des donn\u00e9es. En cas de refus de votre part de fournir des informations obligatoires, vous pourriez ne pas avoir acc\u00e8s \u00e0 certains services.<\/p>\n<h2>Donn\u00e9es enregistr\u00e9es<\/h2>\n<h3>Des donn\u00e9es \u00e0 caract\u00e8re personnel :<\/h3>\n<ul>\n<li>Nom<\/li>\n<li>Adresse e-mail<\/li>\n<\/ul>\n<h3>Sont susceptibles d\u2019\u00eatre collect\u00e9es par :<\/h3>\n<ul>\n<li>Charg\u00e9 des projets num\u00e9riques<\/li>\n<li>Charg\u00e9e de la communication<\/li>\n<\/ul>\n<h3>Dans le cadre :<\/h3>\n<ul>\n<li>d\u2019inscription aux newsletters<\/li>\n<li>d\u2019inscription \u00e0 des \u00e9v\u00e9nements<\/li>\n<\/ul>\n<h2>Destinataires des donn\u00e9es<\/h2>\n<h3>Ces donn\u00e9es sont accessibles par :<\/h3>\n<ul>\n<li>Webmestre, administrateurs du site resistic.fr<\/li>\n<li>Charg\u00e9 des projets num\u00e9riques du Cercec<\/li>\n<li>Charg\u00e9e de la communication du Cercec<\/li>\n<\/ul>\n<h2>Dur\u00e9e de conservation des donn\u00e9es<\/h2>\n<h3>Elles sont conserv\u00e9es pour une dur\u00e9e de :<\/h3>\n<ul>\n<li>A la fin d\u2019un \u00e9v\u00e9nement, la liste des donn\u00e9es requises \u00e0 l\u2019inscription est supprim\u00e9e.<\/li>\n<li>Au bout de trois ans d\u2019inactivit\u00e9, les donn\u00e9es personnelles sont supprim\u00e9es dans le cadre du droit \u00e0 l\u2019oubli.<\/li>\n<\/ul>\n<h2>Transfert des donn\u00e9es hors de l\u2019Union Europ\u00e9enne<\/h2>\n<p>Aucun transfert des donn\u00e9es hors de l\u2019Union Europ\u00e9enne n\u2019est r\u00e9alis\u00e9.<\/p>\n<h2>Droit des personnes<\/h2>\n<p>Conform\u00e9ment aux dispositions l\u00e9gales et r\u00e8glementaires applicables, en particulier la loi n\u00b0 78-17 du 6 janvier modifi\u00e9e relative \u00e0 l\u2019informatique, aux fichiers et aux libert\u00e9s et le r\u00e8glement europ\u00e9en n\u00b0 2016\/679\/UE du 27 avril 2016 (applicable depuis le 25 mai 2018), vous disposez des droits suivants :<\/p>\n<h3>Utilisateur :<\/h3>\n<ul>\n<li>Exercer votre droit d\u2019acc\u00e8s, pour conna\u00eetre les donn\u00e9es personnelles qui vous concernent ;<\/li>\n<li>Demander la mise \u00e0 jour de vos donn\u00e9es, si elles sont inexactes ;<\/li>\n<li>Demander la portabilit\u00e9 ou la suppression de vos donn\u00e9es ;<\/li>\n<li>Demander la suppression de votre compte ;<\/li>\n<li>Demander la limitation du traitement de vos donn\u00e9es ;<\/li>\n<li>Vous opposer, pour des motifs l\u00e9gitimes, au traitement de vos donn\u00e9es ;<\/li>\n<li>Retirer votre consentement au traitement de vos donn\u00e9es.<\/li>\n<\/ul>\n<h3>Pour exercer ces droits<\/h3>\n<p>Adressez-vous \u00e0 l\u2019administrateur du site du Cercec : <a href=\"mailto:fabrice.demarthon@cnrs.fr\">Contacter l\u2019administrateur du site du Cercec<\/a><\/p>\n<p>Vous pouvez \u00e9galement contacter la d\u00e9l\u00e9gu\u00e9e \u00e0 la protection des donn\u00e9es du CNRS \u00e0 l\u2019adresse suivante :<\/p>\n<p><strong>DPD<\/strong><br \/> 17 rue Notre Dame des Pauvres<br \/> 54519 Vandoeuvre l\u00e8s Nancy Cedex<br \/> <a href=\"mailto:dpd.demandes@cnrs.fr\">Contacter la DPD<\/a><\/p>\n<h3>Droit d\u2019introduire une r\u00e9clamation<\/h3>\n<p>Si vous estimez, apr\u00e8s nous avoir contact\u00e9s, que vos droits Informatique et Libert\u00e9s ne sont pas respect\u00e9s, vous avez la possibilit\u00e9 d\u2019introduire une r\u00e9clamation en ligne aupr\u00e8s de la CNIL ou par courrier postal.<br \/> Commission Nationale de l\u2019Informatique et des Libert\u00e9s<br \/> 3 Place de Fontenoy<br \/> TSA 80715<br \/> 75334 PARIS CEDEX 07<\/p>\n<p>[\/et_pb_text][\/et_pb_column][et_pb_column type=\u00a0\u00bb1_4&Prime; _builder_version=\u00a0\u00bb3.25&Prime; custom_padding=\u00a0\u00bb60px|||\u00a0\u00bb custom_padding_tablet=\u00a0\u00bb0px|||\u00a0\u00bb custom_padding_phone=\u00a0\u00bb\u00a0\u00bb custom_padding_last_edited=\u00a0\u00bbon|tablet\u00a0\u00bb padding_tablet=\u00a0\u00bb0px|||\u00a0\u00bb padding_last_edited=\u00a0\u00bbon|tablet\u00a0\u00bb custom_padding__hover=\u00a0\u00bb|||\u00a0\u00bb][\/et_pb_column][\/et_pb_row][\/et_pb_section]<\/p>\n","protected":false},"excerpt":{"rendered":"<p>Protection des donn\u00e9esR\u00e8glement g\u00e9n\u00e9ral sur la protection des donn\u00e9es (RGPD) Le Centre d\u2019\u00e9tudes des mondes russe, caucasien et centre-europ\u00e9en (CERCEC, UMR8083), en sa qualit\u00e9 de responsable de traitement, vous informe que vos donn\u00e9es font l\u2019objet d\u2019un traitement. Lorsque certaines informations sont obligatoires pour acc\u00e9der \u00e0 des fonctionnalit\u00e9s sp\u00e9cifiques du site, ce caract\u00e8re obligatoire est indiqu\u00e9 [&hellip;]<\/p>\n","protected":false},"author":1,"featured_media":0,"parent":0,"menu_order":0,"comment_status":"closed","ping_status":"closed","template":"","meta":{"_acf_changed":false,"_et_pb_use_builder":"on","_et_pb_old_content":"","_et_gb_content_width":"","footnotes":""},"class_list":["post-443","page","type-page","status-publish","hentry"],"acf":[],"_links":{"self":[{"href":"https:\/\/www.resistic.fr\/index.php\/wp-json\/wp\/v2\/pages\/443","targetHints":{"allow":["GET"]}}],"collection":[{"href":"https:\/\/www.resistic.fr\/index.php\/wp-json\/wp\/v2\/pages"}],"about":[{"href":"https:\/\/www.resistic.fr\/index.php\/wp-json\/wp\/v2\/types\/page"}],"author":[{"embeddable":true,"href":"https:\/\/www.resistic.fr\/index.php\/wp-json\/wp\/v2\/users\/1"}],"replies":[{"embeddable":true,"href":"https:\/\/www.resistic.fr\/index.php\/wp-json\/wp\/v2\/comments?post=443"}],"version-history":[{"count":5,"href":"https:\/\/www.resistic.fr\/index.php\/wp-json\/wp\/v2\/pages\/443\/revisions"}],"predecessor-version":[{"id":450,"href":"https:\/\/www.resistic.fr\/index.php\/wp-json\/wp\/v2\/pages\/443\/revisions\/450"}],"wp:attachment":[{"href":"https:\/\/www.resistic.fr\/index.php\/wp-json\/wp\/v2\/media?parent=443"}],"curies":[{"name":"wp","href":"https:\/\/api.w.org\/{rel}","templated":true}]}}